{"id":11174,"date":"2024-05-21T13:10:08","date_gmt":"2024-05-21T12:10:08","guid":{"rendered":"https:\/\/www.onbsi.it\/?post_type=ufaq&#038;p=11174"},"modified":"2024-06-11T10:59:11","modified_gmt":"2024-06-11T09:59:11","slug":"neni-22-rritjet-dyvjecare-per-nepunesit-dhe-vjetersia-ne-pune-aforfe-e-sektorit-per-punetoret","status":"publish","type":"ufaq","link":"https:\/\/www.onbsi.it\/sq\/ufaq\/neni-22-rritjet-dyvjecare-per-nepunesit-dhe-vjetersia-ne-pune-aforfe-e-sektorit-per-punetoret\/","title":{"rendered":"Neni 22 &#8211; Rritjet dyvje\u00e7are p\u00ebr n\u00ebpun\u00ebsit dhe vjet\u00ebrsia n\u00eb pun\u00eb aforfe e sektorit p\u00ebr pun\u00ebtor\u00ebt"},"content":{"rendered":"<style>.ewd-ufaq-post-margin-symbol { color: #0c2753 !important; }div.ewd-ufaq-faq-title h4 { color: #0c2753 !important; }div.ewd-ufaq-faq-post p { margin: 0 0 20px 0 !important; }label.ewd-ufaq-field-label {font-size:18px; font-weight:bold;}\r\n\r\ndiv.ewd-ufaq-faq-post p {\r\n    margin: 0 !important;\r\n}\r\n\r\n@media screen and (min-width: 768px) {\r\n.ewd-ufaq-text-input {\r\n    margin: 0 !important;\r\n    padding: 12px 30px 12px 12px !important;\r\nwidth:300px;\r\nfont-size:16px;\r\n}\r\n}\r\n\r\n.ewd-ufaq-text-input, .clear-field.slide-in, \r\n.clear-field.slide-out {border:none;}\r\n.clear-field {font-size:20px; font-weigh:bold;}\r\n\r\n#ewd-ufaq-jquery-ajax-search .search-field .ewd-ufaq-text-input {\r\nbackground: #f4f4f4;\r\npadding:10px !important;\r\n}\r\n\r\n.ewd-ufaq-faq-div {\r\n    margin: 0 0 20px 0 !important;\r\n    padding: 10px  !important;;\r\n    clear: both;\r\n    background: #f4f4f4;\r\n    border: 1px solid #d9d9d9;\r\n}\r\n\r\n#ewd-ufaq-jquery-ajax-search {border-bottom:1px solid #333333 !important; margin-bottom:30px;}\r\n\r\n.ewd-ufaq-faq-title h1, .ewd-ufaq-faq-title h2, .ewd-ufaq-faq-title h3, .ewd-ufaq-faq-title h4, .ewd-ufaq-faq-title h5, .ewd-ufaq-faq-title h6 {\r\n    display: inline-block;\r\n    margin: 0 !important;\r\npadding:0 !important;\r\nfont-weight:bold !important;\r\n}\r\n\r\n@media screen and (max-width: 320px) {\r\n.ewd-ufaq-faq-title h1, .ewd-ufaq-faq-title h2, .ewd-ufaq-faq-title h3, .ewd-ufaq-faq-title h4, .ewd-ufaq-faq-title h5, .ewd-ufaq-faq-title h6 {\r\n font-size:12px;\r\n}\r\n.ewd-ufaq-faq-title .ewd-ufaq-post-margin-symbol span {\r\n    display: inline-block;\r\n    font-size: 20px !important;\r\n    margin: 0 auto;\r\n}\r\n.ewd-ufaq-faq-body {\r\n    padding: 10px 0px !important;\r\n}\r\n.ewd-ufaq-faq-title-text {\r\n    width: 100% !important;\r\n}\r\n#ewd-ufaq-jquery-ajax-search .search-field {\r\n    display: inline-block;\r\n    margin: 15px 0px !important;\r\n    position: relative;\r\n}\r\n.ewd-ufaq-text-input {\r\n    margin: 0 !important;\r\n    padding: 12px 30px 12px 12px !important;\r\nwidth:250px;\r\n}\r\n}\r\n\r\n\r\n<\/style><div  class=\"ewd-ufaq-faq-list ewd-ufaq-page-type-infinite_scroll ewd-ufaq-category-tabs-\" id='ewd-ufaq-faq-list'>\n\n\t<input type='hidden' name='show_on_load' value='' id='ewd-ufaq-show-on-load' \/>\n<input type='hidden' name='include_category' value='' id='ewd-ufaq-include-category' \/>\n<input type='hidden' name='exclude_category' value='' id='ewd-ufaq-exclude-category' \/>\n<input type='hidden' name='orderby' value='date' id='ewd-ufaq-orderby' \/>\n<input type='hidden' name='order' value='asc' id='ewd-ufaq-order' \/>\n<input type='hidden' name='post_count' value='-1' id='ewd-ufaq-post-count' \/>\n<input type='hidden' name='current_url' value='\/sq\/wp-json\/wp\/v2\/ufaq\/11174' id='ewd-ufaq-current-url' \/>\n\t\n\t\n\t<div class='ewd-ufaq-faqs'>\n\n\t\t<div  class=\"ewd-ufaq-faq-div ewd-ufaq-faq-column-count-one ewd-ufaq-faq-responsive-columns- ewd-ufaq-faq-display-style-default ewd-ufaq-can-be-toggled\" id='ewd-ufaq-post-11174-SUNvTkfQI2' data-post_id='11174'>\n\n\t\t\n\t<div class='ewd-ufaq-faq-title ewd-ufaq-faq-toggle'>\n\t\n\t<a class='ewd-ufaq-post-margin'  href='#' role=\"button\">\n\n\t\t<div class='ewd-ufaq-post-margin-symbol ewd-ufaq-'>\n\t\t\t<span >B<\/span>\n\t\t<\/div>\n\n\t\t<div class='ewd-ufaq-faq-title-text'>\n\n\t\t\t<h4>\n\t\t\t\tNeni 22 &#8211; Rritjet dyvje\u00e7are p\u00ebr n\u00ebpun\u00ebsit dhe vjet\u00ebrsia n\u00eb pun\u00eb aforfe e sektorit p\u00ebr pun\u00ebtor\u00ebt\t\t\t<\/h4>\n\n\t\t<\/div>\n\n\t\t<div class='ewd-ufaq-clear'><\/div>\n\n\t<\/a>\n\t\n<\/div>\n\t\n\t<div class='ewd-ufaq-faq-body' >\n\n\t\t\n\t\t\t\n\t\t\n\t\t\t<div class='ewd-ufaq-post-margin ewd-ufaq-faq-post'>\n\t\n<p><strong>RRITJE DYVJE\u00c7ARE P\u00cbR N\u00cbPUN\u00cbSIT<\/strong><\/p>\n\n\n\n<p>Punonj\u00ebsit me vjet\u00ebrsi pune t\u00eb maturuar n\u00eb t\u00eb nj\u00ebjt\u00ebn nd\u00ebrmarrje kan\u00eb t\u00eb drejt\u00eb, p\u00ebr \u00e7do dy vjet vjet\u00ebrsi sh\u00ebrbimi n\u00eb pun\u00eb, p\u00ebr nj\u00eb rritje prej 6,25% t\u00eb llogaritur mbi rrog\u00ebn baz\u00eb t\u00eb nivelit q\u00eb i p\u00ebrkasin n\u00eb fuqi n\u00eb momentin e maturimit t\u00eb rritjes dhe mbi shtes\u00ebn e kompensimit t\u00eb kostos s\u00eb jetes\u00ebs me 1.8.83 (279,60 \u20ac).<\/p>\n\n\n\n<p>N\u00ebpun\u00ebsi ka t\u00eb drejt\u00eb t\u00eb maturoj\u00eb maksimumi 8 rritje vjet\u00ebrsie dyvje\u00e7are, deri n\u00eb arritjen e 50% t\u00eb rrog\u00ebs baz\u00eb t\u00eb nivelit t\u00eb fundit p\u00ebrkat\u00ebs dhe t\u00eb kompensimit t\u00eb kostos s\u00eb jetes\u00ebs me 1.8.83.<\/p>\n\n\n\n<p>Rritjet periodike t\u00eb vjet\u00ebrsis\u00eb nuk mund t\u00eb absorbohen nga kontrollet e m\u00ebparshme ose t\u00eb m\u00ebvonshme t\u00eb merit\u00ebs, as shtesat p\u00ebr merita n\u00eb pun\u00eb nuk mund t\u00eb absorbohen nga rritjet periodike t\u00eb maturuara ose q\u00eb do t\u00eb maturohen.<br><\/p>\n\n\n\n<p>Rritjet periodike t\u00eb vjet\u00ebrsis\u00eb n\u00eb pun\u00eb hyjn\u00eb n\u00eb fuqi nga dita e 1<sup>r\u00eb<\/sup> e muajit menj\u00ebher\u00eb pas muajit n\u00eb t\u00eb cilin p\u00ebrfundon periudha dyvje\u00e7are e vjet\u00ebrsis\u00eb n\u00eb pun\u00eb.<\/p>\n\n\n\n<p>N\u00eb rastin e kalimit t\u00eb nivelit (kategoris\u00eb), punonj\u00ebsi ruan shum\u00ebn si shif\u00ebr t\u00eb rritjeve t\u00eb maturuara n\u00eb nivelin e m\u00ebparsh\u00ebm.<\/p>\n\n\n\n<p>Pjesa e periudh\u00ebs dyvje\u00e7are n\u00eb vazhdim n\u00eb koh\u00ebn e kalimit n\u00eb fjal\u00eb \u00ebsht\u00eb e dobishme p\u00ebr efekt t\u00eb maturimit t\u00eb rritjes periodike pasuese.<\/p>\n\n\n\n<p>Rritjet periodike t\u00eb p\u00ebrmendura n\u00eb k\u00ebt\u00eb nen absorbojn\u00eb rritjet e dh\u00ebna tashm\u00eb p\u00ebr t\u00eb nj\u00ebjtin titull.<\/p>\n\n\n\n<p>P\u00ebr punonj\u00ebsit tashm\u00eb n\u00eb forc\u00eb nga data 31.05.2011, E.D.A.R. (Element i Dalluesh\u00ebm Shtes\u00eb i Pag\u00ebs) sipas kontrat\u00ebs C.C.N.L. 19\/12\/2007 do t\u00eb ruhet si nj\u00eb element ekonomik <em>ad personam<\/em> dhe do t\u00eb absorbohet n\u00eb momentin e arritjes s\u00eb rritjes s\u00eb par\u00eb pas n\u00ebnshkrimit t\u00eb k\u00ebsaj kontrate C.C.N.L.<\/p>\n\n\n\n<p><strong>VJET\u00cbRSIA N\u00cb PUN\u00cb AFORFE E SEKTORIT P\u00cbR PUN\u00cbTOR\u00cbT<\/strong><\/p>\n\n\n\n<p>Duke pasur parasysh specifik\u00ebn e sektorit t\u00eb karakterizuar nga kontrata me koh\u00ebzgjatje t\u00eb paracaktuar, pun\u00ebtor\u00ebve do t&#8217;u jepet nj\u00eb vjet\u00ebrsi aforfe (qesim) e sektorit, e cila paguhet n\u00eb masat fikse t\u00eb paraqitura n\u00eb tabel\u00ebn bashk\u00eblidhur n\u00eb k\u00ebt\u00eb kontrat\u00eb C.C.N.L. Kjo vjet\u00ebrsi pune aforfe e sektorit \u00ebsht\u00eb vendosur n\u00eb nj\u00eb kuot\u00eb t\u00eb vetme fikse, pa parashikuar rritje t\u00eb m\u00ebtejshme, si\u00e7 \u00ebsht\u00eb vendosur nga neni 22 i kontrat\u00ebs C.C.N.L. m\u00eb 25 maj 2001 e kontratave C.C.N.L. t\u00eb m\u00ebparshme.<\/p>\n\n\n\n<p>Vlera q\u00eb korrespondon me vjet\u00ebrsin\u00eb aforfe t\u00eb sektorit do t\u00eb mbahet e ndar\u00eb nga rroga baz\u00eb dhe do t\u00eb llogaritet p\u00ebr q\u00ebllime t\u00eb orarit t\u00eb pun\u00ebs jasht\u00eb orarit, pushimeve vjetore, festave, rroga e 13<sup>t\u00eb<\/sup>, e 14<sup>t\u00eb<\/sup>, shtesa z\u00ebvend\u00ebsuese e paralajm\u00ebrimit (p\u00ebr l\u00ebnien e pun\u00ebs), trajtimi i p\u00ebrfundimit t\u00eb marr\u00ebdh\u00ebnieve n\u00eb pun\u00eb, s\u00ebmundjes dhe aksidentit.<\/p>\n\n\n\n<p>Vjet\u00ebrsia aforfe e sektorit nuk do t\u00eb paguhet p\u00ebr kat\u00ebr vitet e para t\u00eb vjet\u00ebrsis\u00eb n\u00eb sektor.<\/p>\n\n\n\n<p>Duke filluar nga viti i pest\u00eb i vjet\u00ebrsis\u00eb, pa nd\u00ebrprerje t\u00eb marr\u00ebdh\u00ebnies s\u00eb pun\u00ebs n\u00eb sektor, pa cenuar kalimet e kontrat\u00ebs, do t\u00eb paguhet sipas shumave t\u00eb parashikuara n\u00eb tabel\u00ebn bashk\u00eblidhur me k\u00ebt\u00eb kontrat\u00eb C.C.N.L.<\/p>\n\n\n\n<p>Me k\u00ebrkes\u00ebn e punonj\u00ebsit, nd\u00ebrmarrja do t\u00eb l\u00ebshoj\u00eb nj\u00eb certifikat\u00eb q\u00eb v\u00ebrteton vjet\u00ebrsin\u00eb n\u00eb pun\u00eb t\u00eb vet\u00eb punonj\u00ebsit n\u00eb nd\u00ebrmarrje.<\/p>\n\n\n\n<p>P\u00ebr pun\u00ebtor\u00ebt tashm\u00eb n\u00eb forc\u00eb q\u00eb nga data 31.05.2011 nuk marrin vjet\u00ebrsin\u00eb aforfe t\u00eb sektorit, E.D.A.R. (Element i Dalluesh\u00ebm Shtes\u00eb i Pag\u00ebs). sipas kontrat\u00ebs C.C.N.L. m\u00eb 19 dhjetor 2007 do t\u00eb ruhet si nj\u00eb element ekonomik <em>ad personam<\/em> dhe do t\u00eb absorbohet me plot\u00ebsimin e kat\u00ebr viteve t\u00eb vjet\u00ebrsis\u00eb n\u00eb k\u00ebt\u00eb sektor, si\u00e7 parashikohet n\u00eb k\u00ebt\u00eb nen.<\/p>\n<\/div>\n\t\t\n\t\t\t\n\t\t\n\t\t\t\n\t\t\n\t\t\t\n\t\t\n\t\t\t\n\t\t\n\t\t\t\n\t\t\n\t\t\t\n\t\t\n\t\t\t\n\t\t\n\t\t\t<div class='ewd-ufaq-back-to-top'>\n\t\n\t<a class='ewd-ufaq-back-to-top-link'>\n\t\tKthehu lart\t<\/a>\n\n<\/div>\n\t\t\n\t<\/div>\n\n<\/div>\n\t<\/div>\n\n\t\n<\/div>","protected":false},"excerpt":{"rendered":"<p>B Neni 22 &#8211; Rritjet dyvje\u00e7are p\u00ebr n\u00ebpun\u00ebsit dhe vjet\u00ebrsia n\u00eb pun\u00eb aforfe e sektorit p\u00ebr pun\u00ebtor\u00ebt RRITJE DYVJE\u00c7ARE P\u00cbR N\u00cbPUN\u00cbSIT Punonj\u00ebsit me vjet\u00ebrsi pune t\u00eb maturuar n\u00eb t\u00eb nj\u00ebjt\u00ebn nd\u00ebrmarrje kan\u00eb t\u00eb drejt\u00eb, p\u00ebr \u00e7do dy vjet vjet\u00ebrsi sh\u00ebrbimi n\u00eb pun\u00eb, p\u00ebr nj\u00eb rritje prej 6,25% t\u00eb llogaritur mbi rrog\u00ebn baz\u00eb t\u00eb nivelit q\u00eb [&hellip;]<\/p>\n","protected":false},"author":1,"comment_status":"open","ping_status":"closed","template":"","ufaq-category":[79],"ufaq-tag":[],"class_list":["post-11174","ufaq","type-ufaq","status-publish","hentry","ufaq-category-marreveshja-kolektive-kombetare-e-punes-per-stafin-e-punesuar-nga-kompanite-qe-ofrojne-sherbime-pastrimi-dhe-sherbime-te-integruara-shume-sherbimesh"],"yoast_head":"<!-- This site is optimized with the Yoast SEO plugin v25.9 - https:\/\/yoast.com\/wordpress\/plugins\/seo\/ -->\n<title>Neni 22 - Rritjet dyvje\u00e7are p\u00ebr n\u00ebpun\u00ebsit dhe vjet\u00ebrsia n\u00eb pun\u00eb aforfe e sektorit p\u00ebr pun\u00ebtor\u00ebt - ONBSI - Organismo nazionale bilaterale di settore per il personale dipendente da imprese esercenti di pulizia e servizi integrati\/multiservizi<\/title>\n<meta name=\"robots\" content=\"index, follow, max-snippet:-1, max-image-preview:large, max-video-preview:-1\" \/>\n<link rel=\"canonical\" href=\"https:\/\/www.onbsi.it\/ufaq\/articolo-22-scatti-biennali-e-anzianita-forfettaria\/\" \/>\n<meta property=\"og:locale\" content=\"sq_AL\" \/>\n<meta property=\"og:type\" content=\"article\" \/>\n<meta property=\"og:title\" content=\"Neni 22 - Rritjet dyvje\u00e7are p\u00ebr n\u00ebpun\u00ebsit dhe vjet\u00ebrsia n\u00eb pun\u00eb aforfe e sektorit p\u00ebr pun\u00ebtor\u00ebt - ONBSI - Organismo nazionale bilaterale di settore per il personale dipendente da imprese esercenti di pulizia e servizi integrati\/multiservizi\" \/>\n<meta property=\"og:description\" content=\"B Neni 22 &#8211; Rritjet dyvje\u00e7are p\u00ebr n\u00ebpun\u00ebsit dhe vjet\u00ebrsia n\u00eb pun\u00eb aforfe e sektorit p\u00ebr pun\u00ebtor\u00ebt RRITJE DYVJE\u00c7ARE P\u00cbR N\u00cbPUN\u00cbSIT Punonj\u00ebsit me vjet\u00ebrsi pune t\u00eb maturuar n\u00eb t\u00eb nj\u00ebjt\u00ebn nd\u00ebrmarrje kan\u00eb t\u00eb drejt\u00eb, p\u00ebr \u00e7do dy vjet vjet\u00ebrsi sh\u00ebrbimi n\u00eb pun\u00eb, p\u00ebr nj\u00eb rritje prej 6,25% t\u00eb llogaritur mbi rrog\u00ebn baz\u00eb t\u00eb nivelit q\u00eb [&hellip;]\" \/>\n<meta property=\"og:url\" content=\"https:\/\/www.onbsi.it\/ufaq\/articolo-22-scatti-biennali-e-anzianita-forfettaria\/\" \/>\n<meta property=\"og:site_name\" content=\"ONBSI - Organismo nazionale bilaterale di settore per il personale dipendente da imprese esercenti di pulizia e servizi integrati\/multiservizi\" \/>\n<meta property=\"article:modified_time\" content=\"2024-06-11T09:59:11+00:00\" \/>\n<meta name=\"twitter:card\" content=\"summary_large_image\" \/>\n<meta name=\"twitter:label1\" content=\"Est. reading time\" \/>\n\t<meta name=\"twitter:data1\" content=\"3 minutes\" \/>\n<script type=\"application\/ld+json\" class=\"yoast-schema-graph\">{\"@context\":\"https:\/\/schema.org\",\"@graph\":[{\"@type\":\"WebPage\",\"@id\":\"https:\/\/www.onbsi.it\/ufaq\/articolo-22-scatti-biennali-e-anzianita-forfettaria\/\",\"url\":\"https:\/\/www.onbsi.it\/ufaq\/articolo-22-scatti-biennali-e-anzianita-forfettaria\/\",\"name\":\"Neni 22 - Rritjet dyvje\u00e7are p\u00ebr n\u00ebpun\u00ebsit dhe vjet\u00ebrsia n\u00eb pun\u00eb aforfe e sektorit p\u00ebr pun\u00ebtor\u00ebt - ONBSI - Organismo nazionale bilaterale di settore per il personale dipendente da imprese esercenti di pulizia e servizi integrati\/multiservizi\",\"isPartOf\":{\"@id\":\"https:\/\/www.onbsi.it\/#website\"},\"datePublished\":\"2024-05-21T12:10:08+00:00\",\"dateModified\":\"2024-06-11T09:59:11+00:00\",\"breadcrumb\":{\"@id\":\"https:\/\/www.onbsi.it\/ufaq\/articolo-22-scatti-biennali-e-anzianita-forfettaria\/#breadcrumb\"},\"inLanguage\":\"sq-AL\",\"potentialAction\":[{\"@type\":\"ReadAction\",\"target\":[\"https:\/\/www.onbsi.it\/ufaq\/articolo-22-scatti-biennali-e-anzianita-forfettaria\/\"]}]},{\"@type\":\"BreadcrumbList\",\"@id\":\"https:\/\/www.onbsi.it\/ufaq\/articolo-22-scatti-biennali-e-anzianita-forfettaria\/#breadcrumb\",\"itemListElement\":[{\"@type\":\"ListItem\",\"position\":1,\"name\":\"Home\",\"item\":\"https:\/\/www.onbsi.it\/\"},{\"@type\":\"ListItem\",\"position\":2,\"name\":\"FAQs\",\"item\":\"https:\/\/www.onbsi.it\/ufaq\/\"},{\"@type\":\"ListItem\",\"position\":3,\"name\":\"Neni 22 &#8211; Rritjet dyvje\u00e7are p\u00ebr n\u00ebpun\u00ebsit dhe vjet\u00ebrsia n\u00eb pun\u00eb aforfe e sektorit p\u00ebr pun\u00ebtor\u00ebt\"}]},{\"@type\":\"WebSite\",\"@id\":\"https:\/\/www.onbsi.it\/#website\",\"url\":\"https:\/\/www.onbsi.it\/\",\"name\":\"ONBSI - Organismo nazionale bilaterale di settore per il personale dipendente da imprese esercenti di pulizia e servizi integrati\/multiservizi\",\"description\":\"Organismo nazionale bilaterale di settore per il personale dipendente da imprese esercenti di pulizia e servizi integrati\/multiservizi\",\"potentialAction\":[{\"@type\":\"SearchAction\",\"target\":{\"@type\":\"EntryPoint\",\"urlTemplate\":\"https:\/\/www.onbsi.it\/?s={search_term_string}\"},\"query-input\":{\"@type\":\"PropertyValueSpecification\",\"valueRequired\":true,\"valueName\":\"search_term_string\"}}],\"inLanguage\":\"sq-AL\"}]}<\/script>\n<!-- \/ Yoast SEO plugin. -->","yoast_head_json":{"title":"Neni 22 - Rritjet dyvje\u00e7are p\u00ebr n\u00ebpun\u00ebsit dhe vjet\u00ebrsia n\u00eb pun\u00eb aforfe e sektorit p\u00ebr pun\u00ebtor\u00ebt - ONBSI - Organismo nazionale bilaterale di settore per il personale dipendente da imprese esercenti di pulizia e servizi integrati\/multiservizi","robots":{"index":"index","follow":"follow","max-snippet":"max-snippet:-1","max-image-preview":"max-image-preview:large","max-video-preview":"max-video-preview:-1"},"canonical":"https:\/\/www.onbsi.it\/ufaq\/articolo-22-scatti-biennali-e-anzianita-forfettaria\/","og_locale":"sq_AL","og_type":"article","og_title":"Neni 22 - Rritjet dyvje\u00e7are p\u00ebr n\u00ebpun\u00ebsit dhe vjet\u00ebrsia n\u00eb pun\u00eb aforfe e sektorit p\u00ebr pun\u00ebtor\u00ebt - ONBSI - Organismo nazionale bilaterale di settore per il personale dipendente da imprese esercenti di pulizia e servizi integrati\/multiservizi","og_description":"B Neni 22 &#8211; Rritjet dyvje\u00e7are p\u00ebr n\u00ebpun\u00ebsit dhe vjet\u00ebrsia n\u00eb pun\u00eb aforfe e sektorit p\u00ebr pun\u00ebtor\u00ebt RRITJE DYVJE\u00c7ARE P\u00cbR N\u00cbPUN\u00cbSIT Punonj\u00ebsit me vjet\u00ebrsi pune t\u00eb maturuar n\u00eb t\u00eb nj\u00ebjt\u00ebn nd\u00ebrmarrje kan\u00eb t\u00eb drejt\u00eb, p\u00ebr \u00e7do dy vjet vjet\u00ebrsi sh\u00ebrbimi n\u00eb pun\u00eb, p\u00ebr nj\u00eb rritje prej 6,25% t\u00eb llogaritur mbi rrog\u00ebn baz\u00eb t\u00eb nivelit q\u00eb [&hellip;]","og_url":"https:\/\/www.onbsi.it\/ufaq\/articolo-22-scatti-biennali-e-anzianita-forfettaria\/","og_site_name":"ONBSI - Organismo nazionale bilaterale di settore per il personale dipendente da imprese esercenti di pulizia e servizi integrati\/multiservizi","article_modified_time":"2024-06-11T09:59:11+00:00","twitter_card":"summary_large_image","twitter_misc":{"Est. reading time":"3 minutes"},"schema":{"@context":"https:\/\/schema.org","@graph":[{"@type":"WebPage","@id":"https:\/\/www.onbsi.it\/ufaq\/articolo-22-scatti-biennali-e-anzianita-forfettaria\/","url":"https:\/\/www.onbsi.it\/ufaq\/articolo-22-scatti-biennali-e-anzianita-forfettaria\/","name":"Neni 22 - Rritjet dyvje\u00e7are p\u00ebr n\u00ebpun\u00ebsit dhe vjet\u00ebrsia n\u00eb pun\u00eb aforfe e sektorit p\u00ebr pun\u00ebtor\u00ebt - ONBSI - Organismo nazionale bilaterale di settore per il personale dipendente da imprese esercenti di pulizia e servizi integrati\/multiservizi","isPartOf":{"@id":"https:\/\/www.onbsi.it\/#website"},"datePublished":"2024-05-21T12:10:08+00:00","dateModified":"2024-06-11T09:59:11+00:00","breadcrumb":{"@id":"https:\/\/www.onbsi.it\/ufaq\/articolo-22-scatti-biennali-e-anzianita-forfettaria\/#breadcrumb"},"inLanguage":"sq-AL","potentialAction":[{"@type":"ReadAction","target":["https:\/\/www.onbsi.it\/ufaq\/articolo-22-scatti-biennali-e-anzianita-forfettaria\/"]}]},{"@type":"BreadcrumbList","@id":"https:\/\/www.onbsi.it\/ufaq\/articolo-22-scatti-biennali-e-anzianita-forfettaria\/#breadcrumb","itemListElement":[{"@type":"ListItem","position":1,"name":"Home","item":"https:\/\/www.onbsi.it\/"},{"@type":"ListItem","position":2,"name":"FAQs","item":"https:\/\/www.onbsi.it\/ufaq\/"},{"@type":"ListItem","position":3,"name":"Neni 22 &#8211; Rritjet dyvje\u00e7are p\u00ebr n\u00ebpun\u00ebsit dhe vjet\u00ebrsia n\u00eb pun\u00eb aforfe e sektorit p\u00ebr pun\u00ebtor\u00ebt"}]},{"@type":"WebSite","@id":"https:\/\/www.onbsi.it\/#website","url":"https:\/\/www.onbsi.it\/","name":"ONBSI - Organismo nazionale bilaterale di settore per il personale dipendente da imprese esercenti di pulizia e servizi integrati\/multiservizi","description":"Organismo nazionale bilaterale di settore per il personale dipendente da imprese esercenti di pulizia e servizi integrati\/multiservizi","potentialAction":[{"@type":"SearchAction","target":{"@type":"EntryPoint","urlTemplate":"https:\/\/www.onbsi.it\/?s={search_term_string}"},"query-input":{"@type":"PropertyValueSpecification","valueRequired":true,"valueName":"search_term_string"}}],"inLanguage":"sq-AL"}]}},"_links":{"self":[{"href":"https:\/\/www.onbsi.it\/sq\/wp-json\/wp\/v2\/ufaq\/11174","targetHints":{"allow":["GET"]}}],"collection":[{"href":"https:\/\/www.onbsi.it\/sq\/wp-json\/wp\/v2\/ufaq"}],"about":[{"href":"https:\/\/www.onbsi.it\/sq\/wp-json\/wp\/v2\/types\/ufaq"}],"author":[{"embeddable":true,"href":"https:\/\/www.onbsi.it\/sq\/wp-json\/wp\/v2\/users\/1"}],"replies":[{"embeddable":true,"href":"https:\/\/www.onbsi.it\/sq\/wp-json\/wp\/v2\/comments?post=11174"}],"wp:attachment":[{"href":"https:\/\/www.onbsi.it\/sq\/wp-json\/wp\/v2\/media?parent=11174"}],"wp:term":[{"taxonomy":"ufaq-category","embeddable":true,"href":"https:\/\/www.onbsi.it\/sq\/wp-json\/wp\/v2\/ufaq-category?post=11174"},{"taxonomy":"ufaq-tag","embeddable":true,"href":"https:\/\/www.onbsi.it\/sq\/wp-json\/wp\/v2\/ufaq-tag?post=11174"}],"curies":[{"name":"wp","href":"https:\/\/api.w.org\/{rel}","templated":true}]}}