{"id":11268,"date":"2024-05-22T11:56:16","date_gmt":"2024-05-22T10:56:16","guid":{"rendered":"https:\/\/www.onbsi.it\/?post_type=ufaq&#038;p=11268"},"modified":"2024-06-11T16:27:18","modified_gmt":"2024-06-11T15:27:18","slug":"articulo-22-aumentos-salariales-cada-dos-anos-para-los-trabajadores-de-cuello-blanco-y-antiguedad-global-de-sector-para-los-trabajadores-de-cuello-azul","status":"publish","type":"ufaq","link":"https:\/\/www.onbsi.it\/es\/ufaq\/articulo-22-aumentos-salariales-cada-dos-anos-para-los-trabajadores-de-cuello-blanco-y-antiguedad-global-de-sector-para-los-trabajadores-de-cuello-azul\/","title":{"rendered":"Art\u00edculo 22 \u2013 Aumentos salariales cada dos a\u00f1os para los trabajadores de cuello blanco y antig\u00fcedad global de sector para los trabajadores de cuello azul"},"content":{"rendered":"<style>.ewd-ufaq-post-margin-symbol { color: #0c2753 !important; }div.ewd-ufaq-faq-title h4 { color: #0c2753 !important; }div.ewd-ufaq-faq-post p { margin: 0 0 20px 0 !important; }label.ewd-ufaq-field-label {font-size:18px; font-weight:bold;}\r\n\r\ndiv.ewd-ufaq-faq-post p {\r\n    margin: 0 !important;\r\n}\r\n\r\n@media screen and (min-width: 768px) {\r\n.ewd-ufaq-text-input {\r\n    margin: 0 !important;\r\n    padding: 12px 30px 12px 12px !important;\r\nwidth:300px;\r\nfont-size:16px;\r\n}\r\n}\r\n\r\n.ewd-ufaq-text-input, .clear-field.slide-in, \r\n.clear-field.slide-out {border:none;}\r\n.clear-field {font-size:20px; font-weigh:bold;}\r\n\r\n#ewd-ufaq-jquery-ajax-search .search-field .ewd-ufaq-text-input {\r\nbackground: #f4f4f4;\r\npadding:10px !important;\r\n}\r\n\r\n.ewd-ufaq-faq-div {\r\n    margin: 0 0 20px 0 !important;\r\n    padding: 10px  !important;;\r\n    clear: both;\r\n    background: #f4f4f4;\r\n    border: 1px solid #d9d9d9;\r\n}\r\n\r\n#ewd-ufaq-jquery-ajax-search {border-bottom:1px solid #333333 !important; margin-bottom:30px;}\r\n\r\n.ewd-ufaq-faq-title h1, .ewd-ufaq-faq-title h2, .ewd-ufaq-faq-title h3, .ewd-ufaq-faq-title h4, .ewd-ufaq-faq-title h5, .ewd-ufaq-faq-title h6 {\r\n    display: inline-block;\r\n    margin: 0 !important;\r\npadding:0 !important;\r\nfont-weight:bold !important;\r\n}\r\n\r\n@media screen and (max-width: 320px) {\r\n.ewd-ufaq-faq-title h1, .ewd-ufaq-faq-title h2, .ewd-ufaq-faq-title h3, .ewd-ufaq-faq-title h4, .ewd-ufaq-faq-title h5, .ewd-ufaq-faq-title h6 {\r\n font-size:12px;\r\n}\r\n.ewd-ufaq-faq-title .ewd-ufaq-post-margin-symbol span {\r\n    display: inline-block;\r\n    font-size: 20px !important;\r\n    margin: 0 auto;\r\n}\r\n.ewd-ufaq-faq-body {\r\n    padding: 10px 0px !important;\r\n}\r\n.ewd-ufaq-faq-title-text {\r\n    width: 100% !important;\r\n}\r\n#ewd-ufaq-jquery-ajax-search .search-field {\r\n    display: inline-block;\r\n    margin: 15px 0px !important;\r\n    position: relative;\r\n}\r\n.ewd-ufaq-text-input {\r\n    margin: 0 !important;\r\n    padding: 12px 30px 12px 12px !important;\r\nwidth:250px;\r\n}\r\n}\r\n\r\n\r\n<\/style><div  class=\"ewd-ufaq-faq-list ewd-ufaq-page-type-infinite_scroll ewd-ufaq-category-tabs-\" id='ewd-ufaq-faq-list'>\n\n\t<input type='hidden' name='show_on_load' value='' id='ewd-ufaq-show-on-load' \/>\n<input type='hidden' name='include_category' value='' id='ewd-ufaq-include-category' \/>\n<input type='hidden' name='exclude_category' value='' id='ewd-ufaq-exclude-category' \/>\n<input type='hidden' name='orderby' value='date' id='ewd-ufaq-orderby' \/>\n<input type='hidden' name='order' value='asc' id='ewd-ufaq-order' \/>\n<input type='hidden' name='post_count' value='-1' id='ewd-ufaq-post-count' \/>\n<input type='hidden' name='current_url' value='\/es\/wp-json\/wp\/v2\/ufaq\/11268' id='ewd-ufaq-current-url' \/>\n\t\n\t\n\t<div class='ewd-ufaq-faqs'>\n\n\t\t<div  class=\"ewd-ufaq-faq-div ewd-ufaq-faq-column-count-one ewd-ufaq-faq-responsive-columns- ewd-ufaq-faq-display-style-default ewd-ufaq-can-be-toggled\" id='ewd-ufaq-post-11268-FTBEWkQalN' data-post_id='11268'>\n\n\t\t\n\t<div class='ewd-ufaq-faq-title ewd-ufaq-faq-toggle'>\n\t\n\t<a class='ewd-ufaq-post-margin'  href='#' role=\"button\">\n\n\t\t<div class='ewd-ufaq-post-margin-symbol ewd-ufaq-'>\n\t\t\t<span >B<\/span>\n\t\t<\/div>\n\n\t\t<div class='ewd-ufaq-faq-title-text'>\n\n\t\t\t<h4>\n\t\t\t\tArt\u00edculo 22 \u2013 Aumentos salariales cada dos a\u00f1os para los trabajadores de cuello blanco y antig\u00fcedad global de sector para los trabajadores de cuello azul\t\t\t<\/h4>\n\n\t\t<\/div>\n\n\t\t<div class='ewd-ufaq-clear'><\/div>\n\n\t<\/a>\n\t\n<\/div>\n\t\n\t<div class='ewd-ufaq-faq-body' >\n\n\t\t\n\t\t\t\n\t\t\n\t\t\t<div class='ewd-ufaq-post-margin ewd-ufaq-faq-post'>\n\t\n<p><strong>AUMENTOS SALARIALES CADA DOS A\u00d1OS PARA LOS TRABAJADORES DE CUELLO BLANCO<\/strong><\/p>\n\n\n\n<p>Los trabajadores de cuello blanco, por su antig\u00fcedad en la misma empresa, tendr\u00e1n derecho, por cada per\u00edodo de dos a\u00f1os de servicio, a un aumento salarial del 6,25% calculado sobre el salario tabular del nivel al que pertenezcan vigente en el momento del devengo del aumento y sobre la indemnizaci\u00f3n por contingencias al 1\u00ba de agosto de 1983 (\u20ac 279,60).<\/p>\n\n\n\n<p>El trabajador tiene derecho a acumular un m\u00e1ximo de 8 aumentos de antig\u00fcedad de dos a\u00f1os, hasta el 50% del salario tabular del \u00faltimo nivel y la indemnizaci\u00f3n por contingencia a partir del 1\u00ba de agosto de 1983.\u00a0<\/p>\n\n\n\n<p>Los aumentos peri\u00f3dicos por antig\u00fcedad no podr\u00e1n ser absorbidos por complementos salariales por desempe\u00f1o anteriores o posteriores, ni los aumentos por m\u00e9ritos podr\u00e1n ser absorbidos por aumentos peri\u00f3dicos devengados o por devengar.<\/p>\n\n\n\n<p>Los aumentos peri\u00f3dicos de antig\u00fcedad comienzan el 1\u00ba d\u00eda del mes inmediatamente posterior al mes en que se cumplen los dos a\u00f1os de servicio.<\/p>\n\n\n\n<p>En caso de cambio de nivel, el trabajador conserva el monto en cifras de los aumentos devengados en el nivel de origen.\u00a0<\/p>\n\n\n\n<p>La fracci\u00f3n de bienio en curso en el momento de dicho ascenso es \u00fatil a efectos del devengo del siguiente incremento peri\u00f3dico.<\/p>\n\n\n\n<p>Los aumentos peri\u00f3dicos mencionados en este art\u00edculo absorben los aumentos ya otorgados por el mismo concepto.<\/p>\n\n\n\n<p>Para los trabajadores ya en activo al 31 de mayo de 2011, el E.D.A.R. al que se refiere el C.C.N.L. 19\/12\/2007 se mantendr\u00e1 como elemento econ\u00f3mico <em>ad personam<\/em> y ser\u00e1 absorbido cuando se alcance el primer aumento posterior a la firma del presente C.C.N.L.<\/p>\n\n\n\n<p><strong>ANTIG\u00dcEDAD GLOBAL DE SECTOR PARA LOS TRABAJADORES DE CUELLO AZUL<\/strong><\/p>\n\n\n\n<p>Teniendo en cuenta la especificidad del sector caracterizado por contratos temporales, se conceder\u00e1 a los obreros una antig\u00fcedad global de sector que se otorgar\u00e1 en las medidas fijas que figuran en la tabla adjunta al presente C.C.N.L. Dicha antig\u00fcedad global de sector se establece en una \u00fanica cuota fija, sin prever aumentos adicionales, tal y como establece el art\u00edculo 22 del C.C.N.L. del 25 de mayo de 2001 y C.C.N.L. anteriores.<\/p>\n\n\n\n<p>El valor correspondiente a la antig\u00fcedad global de sector se mantendr\u00e1 separado del salario tabular y se tendr\u00e1 en cuenta a efectos de horas extraordinarias, vacaciones, d\u00edas festivos, primer aguinaldo, segundo aguinaldo, compensaci\u00f3n por falta de preaviso, liquidaci\u00f3n por t\u00e9rmino de relaci\u00f3n laboral, baja por enfermedad y accidente.<\/p>\n\n\n\n<p>La antig\u00fcedad global de sector no se abonar\u00e1 durante los cuatro primeros a\u00f1os de antig\u00fcedad en el sector.<\/p>\n\n\n\n<p>A partir del quinto a\u00f1o de antig\u00fcedad, sin interrupci\u00f3n de la relaci\u00f3n laboral en el sector, sin perjuicio de los cambios de contrato, se abonar\u00e1 seg\u00fan los montos previstos en la tabla adjunta al presente C.C.N.L.<\/p>\n\n\n\n<p>A petici\u00f3n del trabajador, la empresa emitir\u00e1 un certificado que acredite la antig\u00fcedad de servicio del trabajador en la empresa.<\/p>\n\n\n\n<p>Para los trabajadores de cuello azul ya en activo que, a 31\/05\/2011, no estuvieran percibiendo la antig\u00fcedad global de sector, el E.D.A.R. al que se refiere el C.C.N.L. del 19 de diciembre de 2007 se mantendr\u00e1 como elemento econ\u00f3mico <em>ad personam<\/em> y se absorber\u00e1 cuando se alcancen los cuatro a\u00f1os de antig\u00fcedad de sector, seg\u00fan lo previsto en este art\u00edculo.\u00a0<\/p>\n<\/div>\n\t\t\n\t\t\t\n\t\t\n\t\t\t\n\t\t\n\t\t\t\n\t\t\n\t\t\t\n\t\t\n\t\t\t\n\t\t\n\t\t\t\n\t\t\n\t\t\t\n\t\t\n\t\t\t<div class='ewd-ufaq-back-to-top'>\n\t\n\t<a class='ewd-ufaq-back-to-top-link'>\n\t\tVolver a la parte superior\t<\/a>\n\n<\/div>\n\t\t\n\t<\/div>\n\n<\/div>\n\t<\/div>\n\n\t\n<\/div>","protected":false},"excerpt":{"rendered":"<p>B Art\u00edculo 22 \u2013 Aumentos salariales cada dos a\u00f1os para los trabajadores de cuello blanco y antig\u00fcedad global de sector para los trabajadores de cuello azul AUMENTOS SALARIALES CADA DOS A\u00d1OS PARA LOS TRABAJADORES DE CUELLO BLANCO Los trabajadores de cuello blanco, por su antig\u00fcedad en la misma empresa, tendr\u00e1n derecho, por cada per\u00edodo de [&hellip;]<\/p>\n","protected":false},"author":1,"comment_status":"open","ping_status":"closed","template":"","ufaq-category":[109],"ufaq-tag":[],"class_list":["post-11268","ufaq","type-ufaq","status-publish","hentry","ufaq-category-convenio-colectivo-nacional-de-trabajo-para-el-personal-de-las-empresas-que-prestan-servicios-de-limpieza-y-servicios-integrados-multiservicios"],"yoast_head":"<!-- This site is optimized with the Yoast SEO plugin v25.9 - https:\/\/yoast.com\/wordpress\/plugins\/seo\/ -->\n<title>Art\u00edculo 22 \u2013 Aumentos salariales cada dos a\u00f1os para los trabajadores de cuello blanco y antig\u00fcedad global de sector para los trabajadores de cuello azul - ONBSI - Organismo nazionale bilaterale di settore per il personale dipendente da imprese esercenti di pulizia e servizi integrati\/multiservizi<\/title>\n<meta name=\"robots\" content=\"index, follow, max-snippet:-1, max-image-preview:large, max-video-preview:-1\" \/>\n<link rel=\"canonical\" href=\"https:\/\/www.onbsi.it\/ufaq\/articolo-22-scatti-biennali-e-anzianita-forfettaria\/\" \/>\n<meta property=\"og:locale\" content=\"es_ES\" \/>\n<meta property=\"og:type\" content=\"article\" \/>\n<meta property=\"og:title\" content=\"Art\u00edculo 22 \u2013 Aumentos salariales cada dos a\u00f1os para los trabajadores de cuello blanco y antig\u00fcedad global de sector para los trabajadores de cuello azul - ONBSI - Organismo nazionale bilaterale di settore per il personale dipendente da imprese esercenti di pulizia e servizi integrati\/multiservizi\" \/>\n<meta property=\"og:description\" content=\"B Art\u00edculo 22 \u2013 Aumentos salariales cada dos a\u00f1os para los trabajadores de cuello blanco y antig\u00fcedad global de sector para los trabajadores de cuello azul AUMENTOS SALARIALES CADA DOS A\u00d1OS PARA LOS TRABAJADORES DE CUELLO BLANCO Los trabajadores de cuello blanco, por su antig\u00fcedad en la misma empresa, tendr\u00e1n derecho, por cada per\u00edodo de [&hellip;]\" \/>\n<meta property=\"og:url\" content=\"https:\/\/www.onbsi.it\/ufaq\/articolo-22-scatti-biennali-e-anzianita-forfettaria\/\" \/>\n<meta property=\"og:site_name\" content=\"ONBSI - Organismo nazionale bilaterale di settore per il personale dipendente da imprese esercenti di pulizia e servizi integrati\/multiservizi\" \/>\n<meta property=\"article:modified_time\" content=\"2024-06-11T15:27:18+00:00\" \/>\n<meta name=\"twitter:card\" content=\"summary_large_image\" \/>\n<meta name=\"twitter:label1\" content=\"Tiempo de lectura\" \/>\n\t<meta name=\"twitter:data1\" content=\"3 minutos\" \/>\n<script type=\"application\/ld+json\" class=\"yoast-schema-graph\">{\"@context\":\"https:\/\/schema.org\",\"@graph\":[{\"@type\":\"WebPage\",\"@id\":\"https:\/\/www.onbsi.it\/ufaq\/articolo-22-scatti-biennali-e-anzianita-forfettaria\/\",\"url\":\"https:\/\/www.onbsi.it\/ufaq\/articolo-22-scatti-biennali-e-anzianita-forfettaria\/\",\"name\":\"Art\u00edculo 22 \u2013 Aumentos salariales cada dos a\u00f1os para los trabajadores de cuello blanco y antig\u00fcedad global de sector para los trabajadores de cuello azul - ONBSI - Organismo nazionale bilaterale di settore per il personale dipendente da imprese esercenti di pulizia e servizi integrati\/multiservizi\",\"isPartOf\":{\"@id\":\"https:\/\/www.onbsi.it\/#website\"},\"datePublished\":\"2024-05-22T10:56:16+00:00\",\"dateModified\":\"2024-06-11T15:27:18+00:00\",\"breadcrumb\":{\"@id\":\"https:\/\/www.onbsi.it\/ufaq\/articolo-22-scatti-biennali-e-anzianita-forfettaria\/#breadcrumb\"},\"inLanguage\":\"es\",\"potentialAction\":[{\"@type\":\"ReadAction\",\"target\":[\"https:\/\/www.onbsi.it\/ufaq\/articolo-22-scatti-biennali-e-anzianita-forfettaria\/\"]}]},{\"@type\":\"BreadcrumbList\",\"@id\":\"https:\/\/www.onbsi.it\/ufaq\/articolo-22-scatti-biennali-e-anzianita-forfettaria\/#breadcrumb\",\"itemListElement\":[{\"@type\":\"ListItem\",\"position\":1,\"name\":\"Home\",\"item\":\"https:\/\/www.onbsi.it\/\"},{\"@type\":\"ListItem\",\"position\":2,\"name\":\"FAQs\",\"item\":\"https:\/\/www.onbsi.it\/ufaq\/\"},{\"@type\":\"ListItem\",\"position\":3,\"name\":\"Art\u00edculo 22 \u2013 Aumentos salariales cada dos a\u00f1os para los trabajadores de cuello blanco y antig\u00fcedad global de sector para los trabajadores de cuello azul\"}]},{\"@type\":\"WebSite\",\"@id\":\"https:\/\/www.onbsi.it\/#website\",\"url\":\"https:\/\/www.onbsi.it\/\",\"name\":\"ONBSI - Organismo nazionale bilaterale di settore per il personale dipendente da imprese esercenti di pulizia e servizi integrati\/multiservizi\",\"description\":\"Organismo nazionale bilaterale di settore per il personale dipendente da imprese esercenti di pulizia e servizi integrati\/multiservizi\",\"potentialAction\":[{\"@type\":\"SearchAction\",\"target\":{\"@type\":\"EntryPoint\",\"urlTemplate\":\"https:\/\/www.onbsi.it\/?s={search_term_string}\"},\"query-input\":{\"@type\":\"PropertyValueSpecification\",\"valueRequired\":true,\"valueName\":\"search_term_string\"}}],\"inLanguage\":\"es\"}]}<\/script>\n<!-- \/ Yoast SEO plugin. -->","yoast_head_json":{"title":"Art\u00edculo 22 \u2013 Aumentos salariales cada dos a\u00f1os para los trabajadores de cuello blanco y antig\u00fcedad global de sector para los trabajadores de cuello azul - ONBSI - Organismo nazionale bilaterale di settore per il personale dipendente da imprese esercenti di pulizia e servizi integrati\/multiservizi","robots":{"index":"index","follow":"follow","max-snippet":"max-snippet:-1","max-image-preview":"max-image-preview:large","max-video-preview":"max-video-preview:-1"},"canonical":"https:\/\/www.onbsi.it\/ufaq\/articolo-22-scatti-biennali-e-anzianita-forfettaria\/","og_locale":"es_ES","og_type":"article","og_title":"Art\u00edculo 22 \u2013 Aumentos salariales cada dos a\u00f1os para los trabajadores de cuello blanco y antig\u00fcedad global de sector para los trabajadores de cuello azul - ONBSI - Organismo nazionale bilaterale di settore per il personale dipendente da imprese esercenti di pulizia e servizi integrati\/multiservizi","og_description":"B Art\u00edculo 22 \u2013 Aumentos salariales cada dos a\u00f1os para los trabajadores de cuello blanco y antig\u00fcedad global de sector para los trabajadores de cuello azul AUMENTOS SALARIALES CADA DOS A\u00d1OS PARA LOS TRABAJADORES DE CUELLO BLANCO Los trabajadores de cuello blanco, por su antig\u00fcedad en la misma empresa, tendr\u00e1n derecho, por cada per\u00edodo de [&hellip;]","og_url":"https:\/\/www.onbsi.it\/ufaq\/articolo-22-scatti-biennali-e-anzianita-forfettaria\/","og_site_name":"ONBSI - Organismo nazionale bilaterale di settore per il personale dipendente da imprese esercenti di pulizia e servizi integrati\/multiservizi","article_modified_time":"2024-06-11T15:27:18+00:00","twitter_card":"summary_large_image","twitter_misc":{"Tiempo de lectura":"3 minutos"},"schema":{"@context":"https:\/\/schema.org","@graph":[{"@type":"WebPage","@id":"https:\/\/www.onbsi.it\/ufaq\/articolo-22-scatti-biennali-e-anzianita-forfettaria\/","url":"https:\/\/www.onbsi.it\/ufaq\/articolo-22-scatti-biennali-e-anzianita-forfettaria\/","name":"Art\u00edculo 22 \u2013 Aumentos salariales cada dos a\u00f1os para los trabajadores de cuello blanco y antig\u00fcedad global de sector para los trabajadores de cuello azul - ONBSI - Organismo nazionale bilaterale di settore per il personale dipendente da imprese esercenti di pulizia e servizi integrati\/multiservizi","isPartOf":{"@id":"https:\/\/www.onbsi.it\/#website"},"datePublished":"2024-05-22T10:56:16+00:00","dateModified":"2024-06-11T15:27:18+00:00","breadcrumb":{"@id":"https:\/\/www.onbsi.it\/ufaq\/articolo-22-scatti-biennali-e-anzianita-forfettaria\/#breadcrumb"},"inLanguage":"es","potentialAction":[{"@type":"ReadAction","target":["https:\/\/www.onbsi.it\/ufaq\/articolo-22-scatti-biennali-e-anzianita-forfettaria\/"]}]},{"@type":"BreadcrumbList","@id":"https:\/\/www.onbsi.it\/ufaq\/articolo-22-scatti-biennali-e-anzianita-forfettaria\/#breadcrumb","itemListElement":[{"@type":"ListItem","position":1,"name":"Home","item":"https:\/\/www.onbsi.it\/"},{"@type":"ListItem","position":2,"name":"FAQs","item":"https:\/\/www.onbsi.it\/ufaq\/"},{"@type":"ListItem","position":3,"name":"Art\u00edculo 22 \u2013 Aumentos salariales cada dos a\u00f1os para los trabajadores de cuello blanco y antig\u00fcedad global de sector para los trabajadores de cuello azul"}]},{"@type":"WebSite","@id":"https:\/\/www.onbsi.it\/#website","url":"https:\/\/www.onbsi.it\/","name":"ONBSI - Organismo nazionale bilaterale di settore per il personale dipendente da imprese esercenti di pulizia e servizi integrati\/multiservizi","description":"Organismo nazionale bilaterale di settore per il personale dipendente da imprese esercenti di pulizia e servizi integrati\/multiservizi","potentialAction":[{"@type":"SearchAction","target":{"@type":"EntryPoint","urlTemplate":"https:\/\/www.onbsi.it\/?s={search_term_string}"},"query-input":{"@type":"PropertyValueSpecification","valueRequired":true,"valueName":"search_term_string"}}],"inLanguage":"es"}]}},"_links":{"self":[{"href":"https:\/\/www.onbsi.it\/es\/wp-json\/wp\/v2\/ufaq\/11268","targetHints":{"allow":["GET"]}}],"collection":[{"href":"https:\/\/www.onbsi.it\/es\/wp-json\/wp\/v2\/ufaq"}],"about":[{"href":"https:\/\/www.onbsi.it\/es\/wp-json\/wp\/v2\/types\/ufaq"}],"author":[{"embeddable":true,"href":"https:\/\/www.onbsi.it\/es\/wp-json\/wp\/v2\/users\/1"}],"replies":[{"embeddable":true,"href":"https:\/\/www.onbsi.it\/es\/wp-json\/wp\/v2\/comments?post=11268"}],"wp:attachment":[{"href":"https:\/\/www.onbsi.it\/es\/wp-json\/wp\/v2\/media?parent=11268"}],"wp:term":[{"taxonomy":"ufaq-category","embeddable":true,"href":"https:\/\/www.onbsi.it\/es\/wp-json\/wp\/v2\/ufaq-category?post=11268"},{"taxonomy":"ufaq-tag","embeddable":true,"href":"https:\/\/www.onbsi.it\/es\/wp-json\/wp\/v2\/ufaq-tag?post=11268"}],"curies":[{"name":"wp","href":"https:\/\/api.w.org\/{rel}","templated":true}]}}